{"id":1134,"date":"2026-03-07T23:43:36","date_gmt":"2026-03-07T22:43:36","guid":{"rendered":"https:\/\/xn--klimabevgelsenodense-p0b.dk\/?page_id=1134"},"modified":"2026-04-25T11:05:39","modified_gmt":"2026-04-25T09:05:39","slug":"fv26","status":"publish","type":"page","link":"https:\/\/xn--klimabevgelsenodense-p0b.dk\/index.php\/fv26\/","title":{"rendered":"FV26"},"content":{"rendered":"<p class=\"attachment\"><a href='https:\/\/xn--klimabevgelsenodense-p0b.dk\/wp-content\/uploads\/2026\/03\/Flyvninger-scaled.jpg'><img fetchpriority=\"high\" decoding=\"async\" width=\"300\" height=\"191\" src=\"https:\/\/xn--klimabevgelsenodense-p0b.dk\/wp-content\/uploads\/2026\/03\/Flyvninger-300x191.jpg\" class=\"attachment-medium size-medium\" alt=\"\" srcset=\"https:\/\/xn--klimabevgelsenodense-p0b.dk\/wp-content\/uploads\/2026\/03\/Flyvninger-300x191.jpg 300w, https:\/\/xn--klimabevgelsenodense-p0b.dk\/wp-content\/uploads\/2026\/03\/Flyvninger-1024x651.jpg 1024w, https:\/\/xn--klimabevgelsenodense-p0b.dk\/wp-content\/uploads\/2026\/03\/Flyvninger-768x488.jpg 768w, https:\/\/xn--klimabevgelsenodense-p0b.dk\/wp-content\/uploads\/2026\/03\/Flyvninger-1536x976.jpg 1536w, https:\/\/xn--klimabevgelsenodense-p0b.dk\/wp-content\/uploads\/2026\/03\/Flyvninger-2048x1302.jpg 2048w\" sizes=\"(max-width: 300px) 100vw, 300px\" \/><\/a><\/p>\n\t\t<div data-elementor-type=\"wp-page\" data-elementor-id=\"1134\" class=\"elementor elementor-1134\">\n\t\t\t\t<div class=\"elementor-element elementor-element-864fd64 e-flex e-con-boxed wpr-particle-no wpr-jarallax-no wpr-parallax-no wpr-sticky-section-no wpr-equal-height-no e-con e-parent\" data-id=\"864fd64\" data-element_type=\"container\" data-e-type=\"container\">\n\t\t\t\t\t<div class=\"e-con-inner\">\n\t\t\t\t<div class=\"elementor-element elementor-element-0dec973 elementor-widget elementor-widget-heading\" data-id=\"0dec973\" data-element_type=\"widget\" data-e-type=\"widget\" data-widget_type=\"heading.default\">\n\t\t\t\t\t<h2 class=\"elementor-heading-title elementor-size-default\">Folketingsvalg 2026<\/h2>\t\t\t\t<\/div>\n\t\t<div class=\"elementor-element elementor-element-2cb2d88 e-con-full e-flex wpr-particle-no wpr-jarallax-no wpr-parallax-no wpr-sticky-section-no wpr-equal-height-no e-con e-child\" data-id=\"2cb2d88\" data-element_type=\"container\" data-e-type=\"container\">\n\t\t\t\t<div class=\"elementor-element elementor-element-3c183f9 elementor-widget elementor-widget-heading\" data-id=\"3c183f9\" data-element_type=\"widget\" data-e-type=\"widget\" data-widget_type=\"heading.default\">\n\t\t\t\t\t<h2 class=\"elementor-heading-title elementor-size-default\">GR\u00d8NT V\u00c6LGERM\u00d8DE P\u00c5 BORGERNES HUS L\u00d8RDAG D. 21. MARTS 2026<\/h2>\t\t\t\t<\/div>\n\t\t\t\t<div class=\"elementor-element elementor-element-a28b28c elementor-widget elementor-widget-eael-image-accordion\" data-id=\"a28b28c\" data-element_type=\"widget\" data-e-type=\"widget\" data-widget_type=\"eael-image-accordion.default\">\n\t\t\t\t\t    <div class=\"eael-img-accordion accordion-direction-horizontal eael-img-accordion-horizontal-align-center eael-img-accordion-vertical-align-center\" id=\"eael-img-accordion-a28b28c\" data-img-accordion-id=\"a28b28c\" data-img-accordion-type=\"on-hover\">\n                    \n            <div class=\"eael-image-accordion-hover eael-image-accordion-item\" style=\"background-image: url(https:\/\/xn--klimabevgelsenodense-p0b.dk\/wp-content\/uploads\/2026\/03\/Torsten-Ringgaard.jpg);\"  tabindex=\"0\">\n                <div class=\"overlay\">\n                                        <div class=\"overlay-inner \">\n                        <h2 class=\"img-accordion-title\">Torsten Ringgaard<\/h2>                            <p><p>Enhedslisten<\/p><p>Folketingskandidat Fyns Storkreds<\/p><\/p>\n                                            <\/div>\n                <\/div>\n            <\/div>\n                    \n            <div class=\"eael-image-accordion-hover eael-image-accordion-item\" style=\"background-image: url(https:\/\/xn--klimabevgelsenodense-p0b.dk\/wp-content\/uploads\/2026\/03\/billede-til-valgplakat-anne-fiber-scaled-1.jpg);\"  tabindex=\"0\">\n                <div class=\"overlay\">\n                                        <div class=\"overlay-inner \">\n                        <h2 class=\"img-accordion-title\">Anne Fiber<\/h2>                            <p><p>De Konservative<\/p><p>Byr\u00e5dsmedlem i Kerteminde Kommune<\/p><p>Opstillet i Fyns Storkreds<\/p><\/p>\n                                            <\/div>\n                <\/div>\n            <\/div>\n                    \n            <div class=\"eael-image-accordion-hover eael-image-accordion-item\" style=\"background-image: url(https:\/\/xn--klimabevgelsenodense-p0b.dk\/wp-content\/uploads\/2026\/03\/Jacob-Larsen.jpg);\"  tabindex=\"0\">\n                <div class=\"overlay\">\n                                        <div class=\"overlay-inner \">\n                        <h2 class=\"img-accordion-title\">Jakob Larsen<\/h2>                            <p><p>Radikale<\/p><div class=\"text-16 mt-16\">Folketingskandidat<\/div><div class=\"text-16\">Fyns Storkreds<\/div><\/p>\n                                            <\/div>\n                <\/div>\n            <\/div>\n                    \n            <div class=\"eael-image-accordion-hover eael-image-accordion-item\" style=\"background-image: url(https:\/\/xn--klimabevgelsenodense-p0b.dk\/wp-content\/uploads\/2026\/03\/Sofie-Mosgaard.webp);\"  tabindex=\"0\">\n                <div class=\"overlay\">\n                                        <div class=\"overlay-inner \">\n                        <h2 class=\"img-accordion-title\">Sofie Mosgaard<\/h2>                            <p><p>Venstre<\/p><p>Byr\u00e5dsmedlem<\/p><p>Folketingskandidat Fyns Storkreds<\/p><\/p>\n                                            <\/div>\n                <\/div>\n            <\/div>\n                    \n            <div class=\"eael-image-accordion-hover eael-image-accordion-item\" style=\"background-image: url(https:\/\/xn--klimabevgelsenodense-p0b.dk\/wp-content\/uploads\/2026\/03\/Lars-Aagaard-2.jpg);\"  tabindex=\"0\">\n                <div class=\"overlay\">\n                                        <div class=\"overlay-inner \">\n                        <h2 class=\"img-accordion-title\">Lars Aagaard<\/h2>                            <p><p>Moderaterne<\/p><p>Klima- Energi- og Forsyningsminister\u00a0<\/p><p>Opstillet i Fyns Storkreds<\/p><\/p>\n                                            <\/div>\n                <\/div>\n            <\/div>\n                    \n            <div class=\"eael-image-accordion-hover eael-image-accordion-item\" style=\"background-image: url(https:\/\/xn--klimabevgelsenodense-p0b.dk\/wp-content\/uploads\/2026\/03\/Linda-Frolund-Hansen-Alternativet.jpg);\"  tabindex=\"0\">\n                <div class=\"overlay\">\n                                        <div class=\"overlay-inner \">\n                        <h2 class=\"img-accordion-title\">Linda Fr\u00f8lund Hansen<\/h2>                            <p><p>Alternativet<\/p><p>Spidskandidat til FV26 for Storkreds Fyn<\/p><\/p>\n                                            <\/div>\n                <\/div>\n            <\/div>\n                    \n            <div class=\"eael-image-accordion-hover eael-image-accordion-item\" style=\"background-image: url(https:\/\/xn--klimabevgelsenodense-p0b.dk\/wp-content\/uploads\/2026\/03\/Allan-Holm-Nielsen.jpg);\"  tabindex=\"0\">\n                <div class=\"overlay\">\n                                        <div class=\"overlay-inner \">\n                        <h2 class=\"img-accordion-title\">Allan Holm Nielsen<\/h2>                            <p><p>Borgernes Parti<\/p><p>Folketingskandidat Fyns Storkreds<\/p><\/p>\n                                            <\/div>\n                <\/div>\n            <\/div>\n                    \n            <div class=\"eael-image-accordion-hover eael-image-accordion-item\" style=\"background-image: url(https:\/\/xn--klimabevgelsenodense-p0b.dk\/wp-content\/uploads\/2026\/03\/Suzette-Frovin.jpg);\"  tabindex=\"0\">\n                <div class=\"overlay\">\n                                        <div class=\"overlay-inner \">\n                        <h2 class=\"img-accordion-title\">Suzette Frovin<\/h2>                            <p><p>Socialistisk Folkeparti<\/p><p>Folketingskandidat<\/p><p>Byr\u00e5dsmedlem i Nyborg<\/p><\/p>\n                                            <\/div>\n                <\/div>\n            <\/div>\n                    \n            <div class=\"eael-image-accordion-hover eael-image-accordion-item\" style=\"background-image: url(https:\/\/xn--klimabevgelsenodense-p0b.dk\/wp-content\/uploads\/2026\/03\/Thomas_Skriver_Jensen_500.jpg);\"  tabindex=\"0\">\n                <div class=\"overlay\">\n                                        <div class=\"overlay-inner \">\n                        <h2 class=\"img-accordion-title\">Thomas Skriver Jensen<\/h2>                            <p><p>Socialdemokratiet MF<\/p><p>Fyns Storkreds<\/p><\/p>\n                                            <\/div>\n                <\/div>\n            <\/div>\n                <\/div>\n        <style typr=\"text\/css\">\n                    #eael-img-accordion-a28b28c .eael-image-accordion-hover:hover {\n                        flex: 3 1 0% !important;\n                    }\n                    #eael-img-accordion-a28b28c .eael-image-accordion-hover:hover:hover .overlay-inner * {\n                        opacity: 1;\n                        visibility: visible;\n                        transform: none;\n                        transition: all .3s .3s;\n                    }\n                <\/style>\t\t\t\t<\/div>\n\t\t\t\t<div class=\"elementor-element elementor-element-4781810 elementor-widget elementor-widget-text-editor\" data-id=\"4781810\" data-element_type=\"widget\" data-e-type=\"widget\" data-widget_type=\"text-editor.default\">\n\t\t\t\t\t\t\t\t\t<p>Bum ! S\u00e5 var der udskrevet valg&#8230;.Og Bum ! s\u00e5 var valget overst\u00e5et.\u00a0 Som en ny gruppe havde vi ingen masterplan. Men vi ville blande os det vi ku\u00b4.<\/p><p>Vi har stadig ting at l\u00e6re og meget at bygge op, men er motiverede efter en marts hvor det f\u00f8rst lykkedes at finde et \u00f8velokale til koret KlimaStemmer som gav de f\u00f8rste strofer til Planetparaden. Og s\u00e5 flaskede tingene sig til at f\u00e5 et vellykket gr\u00f8nt v\u00e6lgerm\u00f8de arrangeret p\u00e5 11 dage.\u00a0<\/p><p>Snart bliver v\u00e6lgerm\u00f8det til en podcast p\u00e5 https:\/\/klimatv.dk\/podcasts\/<\/p>\t\t\t\t\t\t\t\t<\/div>\n\t\t\t\t<div class=\"elementor-element elementor-element-9a71717 wpr-grid-columns-3 elementor-widget__width-initial wpr-grid-columns--tablet3 wpr-grid-columns--mobile1 wpr-grid-pagination-center elementor-widget elementor-widget-wpr-media-grid\" data-id=\"9a71717\" data-element_type=\"widget\" data-e-type=\"widget\" data-widget_type=\"wpr-media-grid.default\">\n\t\t\t\t\t<section class=\"wpr-grid wpr-media-grid elementor-clearfix\" data-settings=\"{&quot;layout&quot;:&quot;masonry&quot;,&quot;columns_desktop&quot;:&quot;3&quot;,&quot;gutter_hr&quot;:10,&quot;gutter_hr_mobile&quot;:10,&quot;gutter_hr_mobile_extra&quot;:10,&quot;gutter_hr_tablet&quot;:10,&quot;gutter_hr_tablet_extra&quot;:10,&quot;gutter_hr_laptop&quot;:10,&quot;gutter_hr_widescreen&quot;:10,&quot;gutter_vr&quot;:10,&quot;gutter_vr_mobile&quot;:10,&quot;gutter_vr_mobile_extra&quot;:10,&quot;gutter_vr_tablet&quot;:10,&quot;gutter_vr_tablet_extra&quot;:10,&quot;gutter_vr_laptop&quot;:10,&quot;gutter_vr_widescreen&quot;:10,&quot;animation&quot;:&quot;default&quot;,&quot;animation_duration&quot;:0.299999999999999988897769753748434595763683319091796875,&quot;animation_delay&quot;:0.1000000000000000055511151231257827021181583404541015625,&quot;deeplinking&quot;:&quot;&quot;,&quot;filters_default_filter&quot;:&quot;&quot;,&quot;filters_linkable&quot;:&quot;no&quot;,&quot;filters_count&quot;:&quot;&quot;,&quot;filters_hide_empty&quot;:&quot;no&quot;,&quot;filters_animation&quot;:&quot;default&quot;,&quot;filters_animation_duration&quot;:0.299999999999999988897769753748434595763683319091796875,&quot;filters_animation_delay&quot;:0.1000000000000000055511151231257827021181583404541015625,&quot;pagination_type&quot;:&quot;load-more&quot;,&quot;pagination_max_pages&quot;:2,&quot;lightbox&quot;:{&quot;selector&quot;:&quot;.wpr-grid-image-wrap&quot;,&quot;iframeMaxWidth&quot;:&quot;60%&quot;,&quot;hash&quot;:false,&quot;autoplay&quot;:&quot;true&quot;,&quot;pause&quot;:5000,&quot;progressBar&quot;:&quot;true&quot;,&quot;counter&quot;:&quot;true&quot;,&quot;controls&quot;:&quot;true&quot;,&quot;getCaptionFromTitleOrAlt&quot;:&quot;true&quot;,&quot;thumbnail&quot;:&quot;&quot;,&quot;showThumbByDefault&quot;:&quot;&quot;,&quot;share&quot;:&quot;&quot;,&quot;zoom&quot;:&quot;true&quot;,&quot;fullScreen&quot;:&quot;true&quot;,&quot;download&quot;:&quot;true&quot;}}\"><article class=\"wpr-grid-item elementor-clearfix post-1277 attachment type-attachment status-inherit hentry\"><div class=\"wpr-grid-item-inner\"><div class=\"wpr-grid-media-wrap wpr-effect-size-small \"><div class=\"wpr-grid-image-wrap\" data-src=\"https:\/\/xn--klimabevgelsenodense-p0b.dk\/wp-content\/uploads\/2026\/03\/Sofie-powerpoint1-scaled.jpg\"><img decoding=\"async\" src=\"https:\/\/xn--klimabevgelsenodense-p0b.dk\/wp-content\/uploads\/2026\/03\/Sofie-powerpoint1-768x512.jpg\" alt=\"Sofie powerpoint1\" class=\"wpr-anim-timing-ease-default\"><\/div><div class=\"wpr-grid-media-hover wpr-animation-wrap\"><div class=\"wpr-grid-media-hover-bg  wpr-overlay-fade-in wpr-anim-size-large wpr-anim-timing-ease-default wpr-anim-transparency\" data-url=\"https:\/\/xn--klimabevgelsenodense-p0b.dk\/sofie-powerpoint1\/\"><\/div><div class=\"wpr-cv-container\"><div class=\"wpr-cv-outer\"><div class=\"wpr-cv-inner\"><div class=\"wpr-grid-media-hover-middle elementor-clearfix\"><div class=\"wpr-grid-item-separator elementor-repeater-item-7e205ea wpr-grid-item-display-inline wpr-grid-item-align-center wpr-element-fade-in wpr-anim-size-large wpr-anim-timing-ease-default wpr-anim-transparency wpr-grid-sep-style-1\"><div class=\"inner-block\"><span><\/span><\/div><\/div><div class=\"wpr-grid-item-separator elementor-repeater-item-5942676 wpr-grid-item-display-inline wpr-grid-item-align-center wpr-element-fade-in wpr-anim-size-large wpr-anim-timing-ease-default wpr-anim-transparency wpr-grid-sep-style-1\"><div class=\"inner-block\"><span><\/span><\/div><\/div><h2 class=\"wpr-grid-item-title elementor-repeater-item-1b5ee56 wpr-grid-item-display-block wpr-grid-item-align-center wpr-element-fade-in wpr-anim-size-large wpr-anim-timing-ease-default wpr-anim-transparency wpr-pointer-none wpr-pointer-line-fx wpr-pointer-fx-fade\"><div class=\"inner-block\"><a  href=\"https:\/\/xn--klimabevgelsenodense-p0b.dk\/sofie-powerpoint1\/\">Sofie powerpoint1<\/a><\/div><\/h2><\/div><\/div><\/div><\/div><\/div><\/div><\/div><\/article><article class=\"wpr-grid-item elementor-clearfix post-1276 attachment type-attachment status-inherit hentry\"><div class=\"wpr-grid-item-inner\"><div class=\"wpr-grid-media-wrap wpr-effect-size-small \"><div class=\"wpr-grid-image-wrap\" data-src=\"https:\/\/xn--klimabevgelsenodense-p0b.dk\/wp-content\/uploads\/2026\/03\/Slideaside-scaled.jpg\"><img decoding=\"async\" src=\"https:\/\/xn--klimabevgelsenodense-p0b.dk\/wp-content\/uploads\/2026\/03\/Slideaside-768x512.jpg\" alt=\"Slideaside\" class=\"wpr-anim-timing-ease-default\"><\/div><div class=\"wpr-grid-media-hover wpr-animation-wrap\"><div class=\"wpr-grid-media-hover-bg  wpr-overlay-fade-in wpr-anim-size-large wpr-anim-timing-ease-default wpr-anim-transparency\" data-url=\"https:\/\/xn--klimabevgelsenodense-p0b.dk\/slideaside\/\"><\/div><div class=\"wpr-cv-container\"><div class=\"wpr-cv-outer\"><div class=\"wpr-cv-inner\"><div class=\"wpr-grid-media-hover-middle elementor-clearfix\"><div class=\"wpr-grid-item-separator elementor-repeater-item-7e205ea wpr-grid-item-display-inline wpr-grid-item-align-center wpr-element-fade-in wpr-anim-size-large wpr-anim-timing-ease-default wpr-anim-transparency wpr-grid-sep-style-1\"><div class=\"inner-block\"><span><\/span><\/div><\/div><div class=\"wpr-grid-item-separator elementor-repeater-item-5942676 wpr-grid-item-display-inline wpr-grid-item-align-center wpr-element-fade-in wpr-anim-size-large wpr-anim-timing-ease-default wpr-anim-transparency wpr-grid-sep-style-1\"><div class=\"inner-block\"><span><\/span><\/div><\/div><h2 class=\"wpr-grid-item-title elementor-repeater-item-1b5ee56 wpr-grid-item-display-block wpr-grid-item-align-center wpr-element-fade-in wpr-anim-size-large wpr-anim-timing-ease-default wpr-anim-transparency wpr-pointer-none wpr-pointer-line-fx wpr-pointer-fx-fade\"><div class=\"inner-block\"><a  href=\"https:\/\/xn--klimabevgelsenodense-p0b.dk\/slideaside\/\">Slideaside<\/a><\/div><\/h2><\/div><\/div><\/div><\/div><\/div><\/div><\/div><\/article><article class=\"wpr-grid-item elementor-clearfix post-1275 attachment type-attachment status-inherit hentry\"><div class=\"wpr-grid-item-inner\"><div class=\"wpr-grid-media-wrap wpr-effect-size-small \"><div class=\"wpr-grid-image-wrap\" data-src=\"https:\/\/xn--klimabevgelsenodense-p0b.dk\/wp-content\/uploads\/2026\/03\/Slide-omstilling-scaled.jpg\"><img decoding=\"async\" src=\"https:\/\/xn--klimabevgelsenodense-p0b.dk\/wp-content\/uploads\/2026\/03\/Slide-omstilling-768x497.jpg\" alt=\"Slide omstilling\" class=\"wpr-anim-timing-ease-default\"><\/div><div class=\"wpr-grid-media-hover wpr-animation-wrap\"><div class=\"wpr-grid-media-hover-bg  wpr-overlay-fade-in wpr-anim-size-large wpr-anim-timing-ease-default wpr-anim-transparency\" data-url=\"https:\/\/xn--klimabevgelsenodense-p0b.dk\/slide-omstilling\/\"><\/div><div class=\"wpr-cv-container\"><div class=\"wpr-cv-outer\"><div class=\"wpr-cv-inner\"><div class=\"wpr-grid-media-hover-middle elementor-clearfix\"><div class=\"wpr-grid-item-separator elementor-repeater-item-7e205ea wpr-grid-item-display-inline wpr-grid-item-align-center wpr-element-fade-in wpr-anim-size-large wpr-anim-timing-ease-default wpr-anim-transparency wpr-grid-sep-style-1\"><div class=\"inner-block\"><span><\/span><\/div><\/div><div class=\"wpr-grid-item-separator elementor-repeater-item-5942676 wpr-grid-item-display-inline wpr-grid-item-align-center wpr-element-fade-in wpr-anim-size-large wpr-anim-timing-ease-default wpr-anim-transparency wpr-grid-sep-style-1\"><div class=\"inner-block\"><span><\/span><\/div><\/div><h2 class=\"wpr-grid-item-title elementor-repeater-item-1b5ee56 wpr-grid-item-display-block wpr-grid-item-align-center wpr-element-fade-in wpr-anim-size-large wpr-anim-timing-ease-default wpr-anim-transparency wpr-pointer-none wpr-pointer-line-fx wpr-pointer-fx-fade\"><div class=\"inner-block\"><a  href=\"https:\/\/xn--klimabevgelsenodense-p0b.dk\/slide-omstilling\/\">Slide omstilling<\/a><\/div><\/h2><\/div><\/div><\/div><\/div><\/div><\/div><\/div><\/article><article class=\"wpr-grid-item elementor-clearfix post-1273 attachment type-attachment status-inherit hentry\"><div class=\"wpr-grid-item-inner\"><div class=\"wpr-grid-media-wrap wpr-effect-size-small \"><div class=\"wpr-grid-image-wrap\" data-src=\"https:\/\/xn--klimabevgelsenodense-p0b.dk\/wp-content\/uploads\/2026\/03\/Ringgaard-skarp-scaled.jpg\"><img decoding=\"async\" src=\"https:\/\/xn--klimabevgelsenodense-p0b.dk\/wp-content\/uploads\/2026\/03\/Ringgaard-skarp-768x1218.jpg\" alt=\"Ringgaard skarp\" class=\"wpr-anim-timing-ease-default\"><\/div><div class=\"wpr-grid-media-hover wpr-animation-wrap\"><div class=\"wpr-grid-media-hover-bg  wpr-overlay-fade-in wpr-anim-size-large wpr-anim-timing-ease-default wpr-anim-transparency\" data-url=\"https:\/\/xn--klimabevgelsenodense-p0b.dk\/ringgaard-skarp\/\"><\/div><div class=\"wpr-cv-container\"><div class=\"wpr-cv-outer\"><div class=\"wpr-cv-inner\"><div class=\"wpr-grid-media-hover-middle elementor-clearfix\"><div class=\"wpr-grid-item-separator elementor-repeater-item-7e205ea wpr-grid-item-display-inline wpr-grid-item-align-center wpr-element-fade-in wpr-anim-size-large wpr-anim-timing-ease-default wpr-anim-transparency wpr-grid-sep-style-1\"><div class=\"inner-block\"><span><\/span><\/div><\/div><div class=\"wpr-grid-item-separator elementor-repeater-item-5942676 wpr-grid-item-display-inline wpr-grid-item-align-center wpr-element-fade-in wpr-anim-size-large wpr-anim-timing-ease-default wpr-anim-transparency wpr-grid-sep-style-1\"><div class=\"inner-block\"><span><\/span><\/div><\/div><h2 class=\"wpr-grid-item-title elementor-repeater-item-1b5ee56 wpr-grid-item-display-block wpr-grid-item-align-center wpr-element-fade-in wpr-anim-size-large wpr-anim-timing-ease-default wpr-anim-transparency wpr-pointer-none wpr-pointer-line-fx wpr-pointer-fx-fade\"><div class=\"inner-block\"><a  href=\"https:\/\/xn--klimabevgelsenodense-p0b.dk\/ringgaard-skarp\/\">Ringgaard skarp<\/a><\/div><\/h2><\/div><\/div><\/div><\/div><\/div><\/div><\/div><\/article><article class=\"wpr-grid-item elementor-clearfix post-1272 attachment type-attachment status-inherit hentry\"><div class=\"wpr-grid-item-inner\"><div class=\"wpr-grid-media-wrap wpr-effect-size-small \"><div class=\"wpr-grid-image-wrap\" data-src=\"https:\/\/xn--klimabevgelsenodense-p0b.dk\/wp-content\/uploads\/2026\/03\/Mosgaard-Ringgaard-scaled.jpg\"><img decoding=\"async\" src=\"https:\/\/xn--klimabevgelsenodense-p0b.dk\/wp-content\/uploads\/2026\/03\/Mosgaard-Ringgaard-768x512.jpg\" alt=\"Mosgaard Ringgaard\" class=\"wpr-anim-timing-ease-default\"><\/div><div class=\"wpr-grid-media-hover wpr-animation-wrap\"><div class=\"wpr-grid-media-hover-bg  wpr-overlay-fade-in wpr-anim-size-large wpr-anim-timing-ease-default wpr-anim-transparency\" data-url=\"https:\/\/xn--klimabevgelsenodense-p0b.dk\/mosgaard-ringgaard\/\"><\/div><div class=\"wpr-cv-container\"><div class=\"wpr-cv-outer\"><div class=\"wpr-cv-inner\"><div class=\"wpr-grid-media-hover-middle elementor-clearfix\"><div class=\"wpr-grid-item-separator elementor-repeater-item-7e205ea wpr-grid-item-display-inline wpr-grid-item-align-center wpr-element-fade-in wpr-anim-size-large wpr-anim-timing-ease-default wpr-anim-transparency wpr-grid-sep-style-1\"><div class=\"inner-block\"><span><\/span><\/div><\/div><div class=\"wpr-grid-item-separator elementor-repeater-item-5942676 wpr-grid-item-display-inline wpr-grid-item-align-center wpr-element-fade-in wpr-anim-size-large wpr-anim-timing-ease-default wpr-anim-transparency wpr-grid-sep-style-1\"><div class=\"inner-block\"><span><\/span><\/div><\/div><h2 class=\"wpr-grid-item-title elementor-repeater-item-1b5ee56 wpr-grid-item-display-block wpr-grid-item-align-center wpr-element-fade-in wpr-anim-size-large wpr-anim-timing-ease-default wpr-anim-transparency wpr-pointer-none wpr-pointer-line-fx wpr-pointer-fx-fade\"><div class=\"inner-block\"><a  href=\"https:\/\/xn--klimabevgelsenodense-p0b.dk\/mosgaard-ringgaard\/\">Mosgaard Ringgaard<\/a><\/div><\/h2><\/div><\/div><\/div><\/div><\/div><\/div><\/div><\/article><article class=\"wpr-grid-item elementor-clearfix post-1271 attachment type-attachment status-inherit hentry\"><div class=\"wpr-grid-item-inner\"><div class=\"wpr-grid-media-wrap wpr-effect-size-small \"><div class=\"wpr-grid-image-wrap\" data-src=\"https:\/\/xn--klimabevgelsenodense-p0b.dk\/wp-content\/uploads\/2026\/03\/Lytter-flyvninger-scaled.jpg\"><img decoding=\"async\" src=\"https:\/\/xn--klimabevgelsenodense-p0b.dk\/wp-content\/uploads\/2026\/03\/Lytter-flyvninger-768x512.jpg\" alt=\"Lytter flyvninger\" class=\"wpr-anim-timing-ease-default\"><\/div><div class=\"wpr-grid-media-hover wpr-animation-wrap\"><div class=\"wpr-grid-media-hover-bg  wpr-overlay-fade-in wpr-anim-size-large wpr-anim-timing-ease-default wpr-anim-transparency\" data-url=\"https:\/\/xn--klimabevgelsenodense-p0b.dk\/lytter-flyvninger\/\"><\/div><div class=\"wpr-cv-container\"><div class=\"wpr-cv-outer\"><div class=\"wpr-cv-inner\"><div class=\"wpr-grid-media-hover-middle elementor-clearfix\"><div class=\"wpr-grid-item-separator elementor-repeater-item-7e205ea wpr-grid-item-display-inline wpr-grid-item-align-center wpr-element-fade-in wpr-anim-size-large wpr-anim-timing-ease-default wpr-anim-transparency wpr-grid-sep-style-1\"><div class=\"inner-block\"><span><\/span><\/div><\/div><div class=\"wpr-grid-item-separator elementor-repeater-item-5942676 wpr-grid-item-display-inline wpr-grid-item-align-center wpr-element-fade-in wpr-anim-size-large wpr-anim-timing-ease-default wpr-anim-transparency wpr-grid-sep-style-1\"><div class=\"inner-block\"><span><\/span><\/div><\/div><h2 class=\"wpr-grid-item-title elementor-repeater-item-1b5ee56 wpr-grid-item-display-block wpr-grid-item-align-center wpr-element-fade-in wpr-anim-size-large wpr-anim-timing-ease-default wpr-anim-transparency wpr-pointer-none wpr-pointer-line-fx wpr-pointer-fx-fade\"><div class=\"inner-block\"><a  href=\"https:\/\/xn--klimabevgelsenodense-p0b.dk\/lytter-flyvninger\/\">Lytter flyvninger<\/a><\/div><\/h2><\/div><\/div><\/div><\/div><\/div><\/div><\/div><\/article><article class=\"wpr-grid-item elementor-clearfix post-1270 attachment type-attachment status-inherit hentry\"><div class=\"wpr-grid-item-inner\"><div class=\"wpr-grid-media-wrap wpr-effect-size-small \"><div class=\"wpr-grid-image-wrap\" data-src=\"https:\/\/xn--klimabevgelsenodense-p0b.dk\/wp-content\/uploads\/2026\/03\/Linda-scaled.jpg\"><img decoding=\"async\" src=\"https:\/\/xn--klimabevgelsenodense-p0b.dk\/wp-content\/uploads\/2026\/03\/Linda-768x558.jpg\" alt=\"Linda\" class=\"wpr-anim-timing-ease-default\"><\/div><div class=\"wpr-grid-media-hover wpr-animation-wrap\"><div class=\"wpr-grid-media-hover-bg  wpr-overlay-fade-in wpr-anim-size-large wpr-anim-timing-ease-default wpr-anim-transparency\" data-url=\"https:\/\/xn--klimabevgelsenodense-p0b.dk\/linda\/\"><\/div><div class=\"wpr-cv-container\"><div class=\"wpr-cv-outer\"><div class=\"wpr-cv-inner\"><div class=\"wpr-grid-media-hover-middle elementor-clearfix\"><div class=\"wpr-grid-item-separator elementor-repeater-item-7e205ea wpr-grid-item-display-inline wpr-grid-item-align-center wpr-element-fade-in wpr-anim-size-large wpr-anim-timing-ease-default wpr-anim-transparency wpr-grid-sep-style-1\"><div class=\"inner-block\"><span><\/span><\/div><\/div><div class=\"wpr-grid-item-separator elementor-repeater-item-5942676 wpr-grid-item-display-inline wpr-grid-item-align-center wpr-element-fade-in wpr-anim-size-large wpr-anim-timing-ease-default wpr-anim-transparency wpr-grid-sep-style-1\"><div class=\"inner-block\"><span><\/span><\/div><\/div><h2 class=\"wpr-grid-item-title elementor-repeater-item-1b5ee56 wpr-grid-item-display-block wpr-grid-item-align-center wpr-element-fade-in wpr-anim-size-large wpr-anim-timing-ease-default wpr-anim-transparency wpr-pointer-none wpr-pointer-line-fx wpr-pointer-fx-fade\"><div class=\"inner-block\"><a  href=\"https:\/\/xn--klimabevgelsenodense-p0b.dk\/linda\/\">Linda<\/a><\/div><\/h2><\/div><\/div><\/div><\/div><\/div><\/div><\/div><\/article><article class=\"wpr-grid-item elementor-clearfix post-1269 attachment type-attachment status-inherit hentry\"><div class=\"wpr-grid-item-inner\"><div class=\"wpr-grid-media-wrap wpr-effect-size-small \"><div class=\"wpr-grid-image-wrap\" data-src=\"https:\/\/xn--klimabevgelsenodense-p0b.dk\/wp-content\/uploads\/2026\/03\/Jakob-Larsen-2-scaled.jpg\"><img decoding=\"async\" src=\"https:\/\/xn--klimabevgelsenodense-p0b.dk\/wp-content\/uploads\/2026\/03\/Jakob-Larsen-2-768x1152.jpg\" alt=\"Jakob Larsen 2\" class=\"wpr-anim-timing-ease-default\"><\/div><div class=\"wpr-grid-media-hover wpr-animation-wrap\"><div class=\"wpr-grid-media-hover-bg  wpr-overlay-fade-in wpr-anim-size-large wpr-anim-timing-ease-default wpr-anim-transparency\" data-url=\"https:\/\/xn--klimabevgelsenodense-p0b.dk\/jakob-larsen-2\/\"><\/div><div class=\"wpr-cv-container\"><div class=\"wpr-cv-outer\"><div class=\"wpr-cv-inner\"><div class=\"wpr-grid-media-hover-middle elementor-clearfix\"><div class=\"wpr-grid-item-separator elementor-repeater-item-7e205ea wpr-grid-item-display-inline wpr-grid-item-align-center wpr-element-fade-in wpr-anim-size-large wpr-anim-timing-ease-default wpr-anim-transparency wpr-grid-sep-style-1\"><div class=\"inner-block\"><span><\/span><\/div><\/div><div class=\"wpr-grid-item-separator elementor-repeater-item-5942676 wpr-grid-item-display-inline wpr-grid-item-align-center wpr-element-fade-in wpr-anim-size-large wpr-anim-timing-ease-default wpr-anim-transparency wpr-grid-sep-style-1\"><div class=\"inner-block\"><span><\/span><\/div><\/div><h2 class=\"wpr-grid-item-title elementor-repeater-item-1b5ee56 wpr-grid-item-display-block wpr-grid-item-align-center wpr-element-fade-in wpr-anim-size-large wpr-anim-timing-ease-default wpr-anim-transparency wpr-pointer-none wpr-pointer-line-fx wpr-pointer-fx-fade\"><div class=\"inner-block\"><a  href=\"https:\/\/xn--klimabevgelsenodense-p0b.dk\/jakob-larsen-2\/\">Jakob Larsen 2<\/a><\/div><\/h2><\/div><\/div><\/div><\/div><\/div><\/div><\/div><\/article><article class=\"wpr-grid-item elementor-clearfix post-1268 attachment type-attachment status-inherit hentry\"><div class=\"wpr-grid-item-inner\"><div class=\"wpr-grid-media-wrap wpr-effect-size-small \"><div class=\"wpr-grid-image-wrap\" data-src=\"https:\/\/xn--klimabevgelsenodense-p0b.dk\/wp-content\/uploads\/2026\/03\/Griseslide-scaled.jpg\"><img decoding=\"async\" src=\"https:\/\/xn--klimabevgelsenodense-p0b.dk\/wp-content\/uploads\/2026\/03\/Griseslide-768x445.jpg\" alt=\"Griseslide\" class=\"wpr-anim-timing-ease-default\"><\/div><div class=\"wpr-grid-media-hover wpr-animation-wrap\"><div class=\"wpr-grid-media-hover-bg  wpr-overlay-fade-in wpr-anim-size-large wpr-anim-timing-ease-default wpr-anim-transparency\" data-url=\"https:\/\/xn--klimabevgelsenodense-p0b.dk\/griseslide\/\"><\/div><div class=\"wpr-cv-container\"><div class=\"wpr-cv-outer\"><div class=\"wpr-cv-inner\"><div class=\"wpr-grid-media-hover-middle elementor-clearfix\"><div class=\"wpr-grid-item-separator elementor-repeater-item-7e205ea wpr-grid-item-display-inline wpr-grid-item-align-center wpr-element-fade-in wpr-anim-size-large wpr-anim-timing-ease-default wpr-anim-transparency wpr-grid-sep-style-1\"><div class=\"inner-block\"><span><\/span><\/div><\/div><div class=\"wpr-grid-item-separator elementor-repeater-item-5942676 wpr-grid-item-display-inline wpr-grid-item-align-center wpr-element-fade-in wpr-anim-size-large wpr-anim-timing-ease-default wpr-anim-transparency wpr-grid-sep-style-1\"><div class=\"inner-block\"><span><\/span><\/div><\/div><h2 class=\"wpr-grid-item-title elementor-repeater-item-1b5ee56 wpr-grid-item-display-block wpr-grid-item-align-center wpr-element-fade-in wpr-anim-size-large wpr-anim-timing-ease-default wpr-anim-transparency wpr-pointer-none wpr-pointer-line-fx wpr-pointer-fx-fade\"><div class=\"inner-block\"><a  href=\"https:\/\/xn--klimabevgelsenodense-p0b.dk\/griseslide\/\">Griseslide<\/a><\/div><\/h2><\/div><\/div><\/div><\/div><\/div><\/div><\/div><\/article><article class=\"wpr-grid-item elementor-clearfix post-1267 attachment type-attachment status-inherit hentry\"><div class=\"wpr-grid-item-inner\"><div class=\"wpr-grid-media-wrap wpr-effect-size-small \"><div class=\"wpr-grid-image-wrap\" data-src=\"https:\/\/xn--klimabevgelsenodense-p0b.dk\/wp-content\/uploads\/2026\/03\/FrovinProfil-scaled.jpg\"><img decoding=\"async\" src=\"https:\/\/xn--klimabevgelsenodense-p0b.dk\/wp-content\/uploads\/2026\/03\/FrovinProfil-768x1152.jpg\" alt=\"FrovinProfil\" class=\"wpr-anim-timing-ease-default\"><\/div><div class=\"wpr-grid-media-hover wpr-animation-wrap\"><div class=\"wpr-grid-media-hover-bg  wpr-overlay-fade-in wpr-anim-size-large wpr-anim-timing-ease-default wpr-anim-transparency\" data-url=\"https:\/\/xn--klimabevgelsenodense-p0b.dk\/frovinprofil\/\"><\/div><div class=\"wpr-cv-container\"><div class=\"wpr-cv-outer\"><div class=\"wpr-cv-inner\"><div class=\"wpr-grid-media-hover-middle elementor-clearfix\"><div class=\"wpr-grid-item-separator elementor-repeater-item-7e205ea wpr-grid-item-display-inline wpr-grid-item-align-center wpr-element-fade-in wpr-anim-size-large wpr-anim-timing-ease-default wpr-anim-transparency wpr-grid-sep-style-1\"><div class=\"inner-block\"><span><\/span><\/div><\/div><div class=\"wpr-grid-item-separator elementor-repeater-item-5942676 wpr-grid-item-display-inline wpr-grid-item-align-center wpr-element-fade-in wpr-anim-size-large wpr-anim-timing-ease-default wpr-anim-transparency wpr-grid-sep-style-1\"><div class=\"inner-block\"><span><\/span><\/div><\/div><h2 class=\"wpr-grid-item-title elementor-repeater-item-1b5ee56 wpr-grid-item-display-block wpr-grid-item-align-center wpr-element-fade-in wpr-anim-size-large wpr-anim-timing-ease-default wpr-anim-transparency wpr-pointer-none wpr-pointer-line-fx wpr-pointer-fx-fade\"><div class=\"inner-block\"><a  href=\"https:\/\/xn--klimabevgelsenodense-p0b.dk\/frovinprofil\/\">FrovinProfil<\/a><\/div><\/h2><\/div><\/div><\/div><\/div><\/div><\/div><\/div><\/article><article class=\"wpr-grid-item elementor-clearfix post-1266 attachment type-attachment status-inherit hentry\"><div class=\"wpr-grid-item-inner\"><div class=\"wpr-grid-media-wrap wpr-effect-size-small \"><div class=\"wpr-grid-image-wrap\" data-src=\"https:\/\/xn--klimabevgelsenodense-p0b.dk\/wp-content\/uploads\/2026\/03\/Frovin-Mosgaard-scaled.jpg\"><img decoding=\"async\" src=\"https:\/\/xn--klimabevgelsenodense-p0b.dk\/wp-content\/uploads\/2026\/03\/Frovin-Mosgaard-768x532.jpg\" alt=\"Frovin Mosgaard\" class=\"wpr-anim-timing-ease-default\"><\/div><div class=\"wpr-grid-media-hover wpr-animation-wrap\"><div class=\"wpr-grid-media-hover-bg  wpr-overlay-fade-in wpr-anim-size-large wpr-anim-timing-ease-default wpr-anim-transparency\" data-url=\"https:\/\/xn--klimabevgelsenodense-p0b.dk\/frovin-mosgaard\/\"><\/div><div class=\"wpr-cv-container\"><div class=\"wpr-cv-outer\"><div class=\"wpr-cv-inner\"><div class=\"wpr-grid-media-hover-middle elementor-clearfix\"><div class=\"wpr-grid-item-separator elementor-repeater-item-7e205ea wpr-grid-item-display-inline wpr-grid-item-align-center wpr-element-fade-in wpr-anim-size-large wpr-anim-timing-ease-default wpr-anim-transparency wpr-grid-sep-style-1\"><div class=\"inner-block\"><span><\/span><\/div><\/div><div class=\"wpr-grid-item-separator elementor-repeater-item-5942676 wpr-grid-item-display-inline wpr-grid-item-align-center wpr-element-fade-in wpr-anim-size-large wpr-anim-timing-ease-default wpr-anim-transparency wpr-grid-sep-style-1\"><div class=\"inner-block\"><span><\/span><\/div><\/div><h2 class=\"wpr-grid-item-title elementor-repeater-item-1b5ee56 wpr-grid-item-display-block wpr-grid-item-align-center wpr-element-fade-in wpr-anim-size-large wpr-anim-timing-ease-default wpr-anim-transparency wpr-pointer-none wpr-pointer-line-fx wpr-pointer-fx-fade\"><div class=\"inner-block\"><a  href=\"https:\/\/xn--klimabevgelsenodense-p0b.dk\/frovin-mosgaard\/\">Frovin Mosgaard<\/a><\/div><\/h2><\/div><\/div><\/div><\/div><\/div><\/div><\/div><\/article><article class=\"wpr-grid-item elementor-clearfix post-1265 attachment type-attachment status-inherit hentry\"><div class=\"wpr-grid-item-inner\"><div class=\"wpr-grid-media-wrap wpr-effect-size-small \"><div class=\"wpr-grid-image-wrap\" data-src=\"https:\/\/xn--klimabevgelsenodense-p0b.dk\/wp-content\/uploads\/2026\/03\/Flyvninger-scaled.jpg\"><img decoding=\"async\" src=\"https:\/\/xn--klimabevgelsenodense-p0b.dk\/wp-content\/uploads\/2026\/03\/Flyvninger-768x488.jpg\" alt=\"Flyvninger\" class=\"wpr-anim-timing-ease-default\"><\/div><div class=\"wpr-grid-media-hover wpr-animation-wrap\"><div class=\"wpr-grid-media-hover-bg  wpr-overlay-fade-in wpr-anim-size-large wpr-anim-timing-ease-default wpr-anim-transparency\" data-url=\"https:\/\/xn--klimabevgelsenodense-p0b.dk\/flyvninger\/\"><\/div><div class=\"wpr-cv-container\"><div class=\"wpr-cv-outer\"><div class=\"wpr-cv-inner\"><div class=\"wpr-grid-media-hover-middle elementor-clearfix\"><div class=\"wpr-grid-item-separator elementor-repeater-item-7e205ea wpr-grid-item-display-inline wpr-grid-item-align-center wpr-element-fade-in wpr-anim-size-large wpr-anim-timing-ease-default wpr-anim-transparency wpr-grid-sep-style-1\"><div class=\"inner-block\"><span><\/span><\/div><\/div><div class=\"wpr-grid-item-separator elementor-repeater-item-5942676 wpr-grid-item-display-inline wpr-grid-item-align-center wpr-element-fade-in wpr-anim-size-large wpr-anim-timing-ease-default wpr-anim-transparency wpr-grid-sep-style-1\"><div class=\"inner-block\"><span><\/span><\/div><\/div><h2 class=\"wpr-grid-item-title elementor-repeater-item-1b5ee56 wpr-grid-item-display-block wpr-grid-item-align-center wpr-element-fade-in wpr-anim-size-large wpr-anim-timing-ease-default wpr-anim-transparency wpr-pointer-none wpr-pointer-line-fx wpr-pointer-fx-fade\"><div class=\"inner-block\"><a  href=\"https:\/\/xn--klimabevgelsenodense-p0b.dk\/flyvninger\/\">Flyvninger<\/a><\/div><\/h2><\/div><\/div><\/div><\/div><\/div><\/div><\/div><\/article><\/section><div class=\"wpr-grid-pagination elementor-clearfix wpr-grid-pagination-load-more\"><a href=\"https:\/\/xn--klimabevgelsenodense-p0b.dk\/index.php\/wp-json\/wp\/v2\/pages\/1134\/page\/2\/\" class=\"wpr-load-more-btn\" data-e-disable-page-transition>Load More<\/a><div class=\"wpr-pagination-loading\"><div class=\"wpr-double-bounce\"><div class=\"wpr-child wpr-double-bounce1\"><\/div><div class=\"wpr-child wpr-double-bounce2\"><\/div><\/div><\/div><p class=\"wpr-pagination-finish\">End of Content.<\/p><\/div>\t\t\t\t<\/div>\n\t\t\t\t<div class=\"elementor-element elementor-element-a5e4a90 elementor-position-left elementor-vertical-align-top elementor-widget elementor-widget-image-box\" data-id=\"a5e4a90\" data-element_type=\"widget\" data-e-type=\"widget\" data-widget_type=\"image-box.default\">\n\t\t\t\t\t<div class=\"elementor-image-box-wrapper\"><figure class=\"elementor-image-box-img\"><img decoding=\"async\" width=\"300\" height=\"300\" src=\"https:\/\/xn--klimabevgelsenodense-p0b.dk\/wp-content\/uploads\/2026\/03\/Linda-Frolund-Hansen-Alternativet-300x300.jpg\" class=\"attachment-medium size-medium wp-image-1177\" alt=\"\" srcset=\"https:\/\/xn--klimabevgelsenodense-p0b.dk\/wp-content\/uploads\/2026\/03\/Linda-Frolund-Hansen-Alternativet-300x300.jpg 300w, https:\/\/xn--klimabevgelsenodense-p0b.dk\/wp-content\/uploads\/2026\/03\/Linda-Frolund-Hansen-Alternativet-1024x1024.jpg 1024w, https:\/\/xn--klimabevgelsenodense-p0b.dk\/wp-content\/uploads\/2026\/03\/Linda-Frolund-Hansen-Alternativet-150x150.jpg 150w, https:\/\/xn--klimabevgelsenodense-p0b.dk\/wp-content\/uploads\/2026\/03\/Linda-Frolund-Hansen-Alternativet-768x768.jpg 768w, https:\/\/xn--klimabevgelsenodense-p0b.dk\/wp-content\/uploads\/2026\/03\/Linda-Frolund-Hansen-Alternativet.jpg 1500w\" sizes=\"(max-width: 300px) 100vw, 300px\" \/><\/figure><div class=\"elementor-image-box-content\"><h3 class=\"elementor-image-box-title\">Linda Fr\u00f8lund Hansen - Alternativet<\/h3><p class=\"elementor-image-box-description\">Spidskandidat til FV26 for Storkreds Fyn. Skoleskovskoordinator med l\u00e6rerbaggrund. Er fra en sl\u00e6gtsg\u00e5rd ved Herning. Bor i Strib. \"Klimaforandringerne, biodiversitetskrisen, samt b\u00f8rn og unge har motiveret mig til at tr\u00e6de ind i politik.\"<\/p><\/div><\/div>\t\t\t\t<\/div>\n\t\t\t\t<div class=\"elementor-element elementor-element-1f4e838 elementor-position-left elementor-vertical-align-top elementor-widget elementor-widget-image-box\" data-id=\"1f4e838\" data-element_type=\"widget\" data-e-type=\"widget\" data-widget_type=\"image-box.default\">\n\t\t\t\t\t<div class=\"elementor-image-box-wrapper\"><figure class=\"elementor-image-box-img\"><img decoding=\"async\" width=\"200\" height=\"200\" src=\"https:\/\/xn--klimabevgelsenodense-p0b.dk\/wp-content\/uploads\/2026\/03\/Allan-Holm-Nielsen.jpg\" class=\"attachment-medium size-medium wp-image-1181\" alt=\"\" srcset=\"https:\/\/xn--klimabevgelsenodense-p0b.dk\/wp-content\/uploads\/2026\/03\/Allan-Holm-Nielsen.jpg 200w, https:\/\/xn--klimabevgelsenodense-p0b.dk\/wp-content\/uploads\/2026\/03\/Allan-Holm-Nielsen-150x150.jpg 150w\" sizes=\"(max-width: 200px) 100vw, 200px\" \/><\/figure><div class=\"elementor-image-box-content\"><h3 class=\"elementor-image-box-title\">Allan Holm Nielsen - Borgernes Parti<\/h3><p class=\"elementor-image-box-description\">Igennem mere end 20 \u00e5rs erhvervserfaring har jeg oplevet, hvordan virksomheder og virkelyst kv\u00e6les i regler og regulativer. Regler og regulativer, der ikke alene \u00e6ndres hele tiden, men som bliver strammere og strammere, imens de bliver mere og mere uigennemskuelige. Det truer vores velf\u00e6rdssamfund, fordi det udhuler virksomhedernes konkurrenceevne og dermed deres indtjening.\n\n\nJeg har derfor i over 10 \u00e5r fors\u00f8gt at r\u00e5be politikerne p\u00e5 Christiansborg op \u2013 dels igennem l\u00e6serbreve og personlig kontakt, og dels igennem min T\u00e6nketank Growz. \n\n<\/p><\/div><\/div>\t\t\t\t<\/div>\n\t\t\t\t<div class=\"elementor-element elementor-element-8282e12 elementor-position-left elementor-vertical-align-top elementor-widget elementor-widget-image-box\" data-id=\"8282e12\" data-element_type=\"widget\" data-e-type=\"widget\" data-widget_type=\"image-box.default\">\n\t\t\t\t\t<div class=\"elementor-image-box-wrapper\"><figure class=\"elementor-image-box-img\"><img loading=\"lazy\" decoding=\"async\" width=\"226\" height=\"300\" src=\"https:\/\/xn--klimabevgelsenodense-p0b.dk\/wp-content\/uploads\/2026\/03\/Jacob-Larsen-226x300.jpg\" class=\"attachment-medium size-medium wp-image-1180\" alt=\"\" srcset=\"https:\/\/xn--klimabevgelsenodense-p0b.dk\/wp-content\/uploads\/2026\/03\/Jacob-Larsen-226x300.jpg 226w, https:\/\/xn--klimabevgelsenodense-p0b.dk\/wp-content\/uploads\/2026\/03\/Jacob-Larsen-771x1024.jpg 771w, https:\/\/xn--klimabevgelsenodense-p0b.dk\/wp-content\/uploads\/2026\/03\/Jacob-Larsen-768x1020.jpg 768w, https:\/\/xn--klimabevgelsenodense-p0b.dk\/wp-content\/uploads\/2026\/03\/Jacob-Larsen.jpg 800w\" sizes=\"(max-width: 226px) 100vw, 226px\" \/><\/figure><div class=\"elementor-image-box-content\"><h3 class=\"elementor-image-box-title\">Jacob Larsen - Radikale B<\/h3><p class=\"elementor-image-box-description\">Jeg vil v\u00e6re brobygger mellem Gr\u00f8nland og Danmark i en tid hvor b\u00e5de eksterne og interne kr\u00e6fter pr\u00f8ver at skille rigsf\u00e6llesskabet ad.\n\n\nGr\u00f8nland og Danmark er meget mere end interesser og ideologier. Gr\u00f8nland og Danmark er forbundne p\u00e5 alt det som ligger som ligger dybt i blodet hos de fleste af os. Man kan vel kalde det for blodets b\u00e5nd. Rigsf\u00e6llesskabet kr\u00e6ver respekt ikke pres og populisme. Rigsf\u00e6llesskabet er et ansvar, ikke et skakspil for stormagter omkring os.\nIkke kun Gr\u00f8nland og Danmark er udsat. Hejser vi os op i helikopteren er presset p\u00e5 vores demokratiske samfundsmodel voldsom. Fundamentale internationale rettigheder udfordres fra mange sider. Minoriteter klemmes af radikaliserede m\u00f8rke kr\u00e6fter mange steder i verden og krig og ufred underminerer en verdensorden, hvor de fleste bare gerne vil have ro og forudsigelighed.<\/p><\/div><\/div>\t\t\t\t<\/div>\n\t\t\t\t<div class=\"elementor-element elementor-element-e354d54 elementor-position-left elementor-vertical-align-top elementor-widget elementor-widget-image-box\" data-id=\"e354d54\" data-element_type=\"widget\" data-e-type=\"widget\" data-widget_type=\"image-box.default\">\n\t\t\t\t\t<div class=\"elementor-image-box-wrapper\"><figure class=\"elementor-image-box-img\"><img loading=\"lazy\" decoding=\"async\" width=\"200\" height=\"200\" src=\"https:\/\/xn--klimabevgelsenodense-p0b.dk\/wp-content\/uploads\/2026\/03\/Suzette-Frovin.jpg\" class=\"attachment-medium size-medium wp-image-1179\" alt=\"\" srcset=\"https:\/\/xn--klimabevgelsenodense-p0b.dk\/wp-content\/uploads\/2026\/03\/Suzette-Frovin.jpg 200w, https:\/\/xn--klimabevgelsenodense-p0b.dk\/wp-content\/uploads\/2026\/03\/Suzette-Frovin-150x150.jpg 150w\" sizes=\"(max-width: 200px) 100vw, 200px\" \/><\/figure><div class=\"elementor-image-box-content\"><h3 class=\"elementor-image-box-title\">Suzette Frovin - Socialistisk Folkeparti<\/h3><p class=\"elementor-image-box-description\">Suzette Frovin er byr\u00e5dsmedlem i Nyborg Kommune. \nStiller op tilFolketingsvalget. \"Det Sydfynske \u00d8hav er et af de smukkeste steder i Danmark; men der er ikke meget ved glansbilleder n\u00e5r havbunden er stend\u00f8d\u00f8d. Vi skal have fiskene og naturen tilbage hele vejen rundt om Fyn. \"  , \" Et b\u00e6redygtigt valg er et b\u00f8rnevenligt valg....Enkelt !!\"<\/p><\/div><\/div>\t\t\t\t<\/div>\n\t\t\t\t<div class=\"elementor-element elementor-element-88c7a11 elementor-position-left elementor-vertical-align-top elementor-widget elementor-widget-image-box\" data-id=\"88c7a11\" data-element_type=\"widget\" data-e-type=\"widget\" data-widget_type=\"image-box.default\">\n\t\t\t\t\t<div class=\"elementor-image-box-wrapper\"><figure class=\"elementor-image-box-img\"><img loading=\"lazy\" decoding=\"async\" width=\"225\" height=\"300\" src=\"https:\/\/xn--klimabevgelsenodense-p0b.dk\/wp-content\/uploads\/2026\/03\/Torsten-Ringgaard-225x300.jpg\" class=\"attachment-medium size-medium wp-image-1232\" alt=\"\" srcset=\"https:\/\/xn--klimabevgelsenodense-p0b.dk\/wp-content\/uploads\/2026\/03\/Torsten-Ringgaard-225x300.jpg 225w, https:\/\/xn--klimabevgelsenodense-p0b.dk\/wp-content\/uploads\/2026\/03\/Torsten-Ringgaard.jpg 768w\" sizes=\"(max-width: 225px) 100vw, 225px\" \/><\/figure><div class=\"elementor-image-box-content\"><h3 class=\"elementor-image-box-title\">Torsten Ringgaard - Enhedslisten<\/h3><p class=\"elementor-image-box-description\">Socialt indigneret lokomotivf\u00f8rer, der \u00f8nsker, at vi kommer p\u00e5 sporet mod socialismen. Danmark er i en brydningstid, en brydningstid, hvor racister som Paludan og Vermund bliver h\u00f8rt, men samtidigt en tid hvor vi ser en opblomstring af organisationer, der k\u00e6mper for de svage, eksempelvis N\u00e6stehj\u00e6lperne og Almen Modstand.\n\nVi skal gribe momentum og f\u00e5 hjulpet Danmark i vores retning, en retning hvor man f\u00e5r hj\u00e6lp som arbejdsl\u00f8s i stedet for stress og mindrev\u00e6rd \u2013 et Danmark hvor naturen f\u00e5r sin plads, og hvor pesticider kun har plads i historieundervisningen<\/p><\/div><\/div>\t\t\t\t<\/div>\n\t\t\t\t<div class=\"elementor-element elementor-element-b2501a3 elementor-position-left elementor-vertical-align-top elementor-widget elementor-widget-image-box\" data-id=\"b2501a3\" data-element_type=\"widget\" data-e-type=\"widget\" data-widget_type=\"image-box.default\">\n\t\t\t\t\t<div class=\"elementor-image-box-wrapper\"><figure class=\"elementor-image-box-img\"><img loading=\"lazy\" decoding=\"async\" width=\"300\" height=\"300\" src=\"https:\/\/xn--klimabevgelsenodense-p0b.dk\/wp-content\/uploads\/2026\/03\/billede-til-valgplakat-anne-fiber-scaled-1-300x300.jpg\" class=\"attachment-medium size-medium wp-image-1190\" alt=\"\" srcset=\"https:\/\/xn--klimabevgelsenodense-p0b.dk\/wp-content\/uploads\/2026\/03\/billede-til-valgplakat-anne-fiber-scaled-1-300x300.jpg 300w, https:\/\/xn--klimabevgelsenodense-p0b.dk\/wp-content\/uploads\/2026\/03\/billede-til-valgplakat-anne-fiber-scaled-1-1024x1024.jpg 1024w, https:\/\/xn--klimabevgelsenodense-p0b.dk\/wp-content\/uploads\/2026\/03\/billede-til-valgplakat-anne-fiber-scaled-1-150x150.jpg 150w, https:\/\/xn--klimabevgelsenodense-p0b.dk\/wp-content\/uploads\/2026\/03\/billede-til-valgplakat-anne-fiber-scaled-1-768x768.jpg 768w, https:\/\/xn--klimabevgelsenodense-p0b.dk\/wp-content\/uploads\/2026\/03\/billede-til-valgplakat-anne-fiber-scaled-1-1536x1536.jpg 1536w, https:\/\/xn--klimabevgelsenodense-p0b.dk\/wp-content\/uploads\/2026\/03\/billede-til-valgplakat-anne-fiber-scaled-1-2048x2048.jpg 2048w\" sizes=\"(max-width: 300px) 100vw, 300px\" \/><\/figure><div class=\"elementor-image-box-content\"><h3 class=\"elementor-image-box-title\">Anne Fiber - De Konservative<\/h3><p class=\"elementor-image-box-description\">Folketingskandidat, Fyns Storkreds, Byr\u00e5dsmedlem, Kerteminde Kommune.\n\n\" Drikkevandet under vores f\u00f8dder - er vores vigtigste naturressource.\u2026\"\n\" Vi skal s\u00f8rge for de n\u00f8dvendige faciliteter s\u00e5 landsbyer og sm\u00e5byer ikke affolkes\"<\/p><\/div><\/div>\t\t\t\t<\/div>\n\t\t\t\t<div class=\"elementor-element elementor-element-7eb637b elementor-position-left elementor-vertical-align-top elementor-widget elementor-widget-image-box\" data-id=\"7eb637b\" data-element_type=\"widget\" data-e-type=\"widget\" data-widget_type=\"image-box.default\">\n\t\t\t\t\t<div class=\"elementor-image-box-wrapper\"><figure class=\"elementor-image-box-img\"><img loading=\"lazy\" decoding=\"async\" width=\"300\" height=\"300\" src=\"https:\/\/xn--klimabevgelsenodense-p0b.dk\/wp-content\/uploads\/2026\/03\/Thomas_Skriver_Jensen_500-300x300.jpg\" class=\"attachment-medium size-medium wp-image-1209\" alt=\"\" srcset=\"https:\/\/xn--klimabevgelsenodense-p0b.dk\/wp-content\/uploads\/2026\/03\/Thomas_Skriver_Jensen_500-300x300.jpg 300w, https:\/\/xn--klimabevgelsenodense-p0b.dk\/wp-content\/uploads\/2026\/03\/Thomas_Skriver_Jensen_500-150x150.jpg 150w, https:\/\/xn--klimabevgelsenodense-p0b.dk\/wp-content\/uploads\/2026\/03\/Thomas_Skriver_Jensen_500.jpg 500w\" sizes=\"(max-width: 300px) 100vw, 300px\" \/><\/figure><div class=\"elementor-image-box-content\"><h3 class=\"elementor-image-box-title\">Thomas Skriver Jensen - Socialdemokratiet<\/h3><p class=\"elementor-image-box-description\">Industritekniker og fagforeningsmand. Egentlig biografi skal I lede andre steder efter. Hans Facebook har opslag om Sportshaller, St\u00f8jv\u00e6rn ved motorveje, flere p\u00e6dagoger, f\u00f8devarecheck til l\u00e6rlinge, ingen stigning i pensionsalderen m.m.<\/p><\/div><\/div>\t\t\t\t<\/div>\n\t\t\t\t<div class=\"elementor-element elementor-element-40e1f0a elementor-position-left elementor-vertical-align-top elementor-widget elementor-widget-image-box\" data-id=\"40e1f0a\" data-element_type=\"widget\" data-e-type=\"widget\" data-widget_type=\"image-box.default\">\n\t\t\t\t\t<div class=\"elementor-image-box-wrapper\"><figure class=\"elementor-image-box-img\"><img loading=\"lazy\" decoding=\"async\" width=\"300\" height=\"225\" src=\"https:\/\/xn--klimabevgelsenodense-p0b.dk\/wp-content\/uploads\/2026\/03\/Lars-Aagaard-2-300x225.jpg\" class=\"attachment-medium size-medium wp-image-1211\" alt=\"\" srcset=\"https:\/\/xn--klimabevgelsenodense-p0b.dk\/wp-content\/uploads\/2026\/03\/Lars-Aagaard-2-300x225.jpg 300w, https:\/\/xn--klimabevgelsenodense-p0b.dk\/wp-content\/uploads\/2026\/03\/Lars-Aagaard-2.jpg 480w\" sizes=\"(max-width: 300px) 100vw, 300px\" \/><\/figure><div class=\"elementor-image-box-content\"><h3 class=\"elementor-image-box-title\">Lars Aagaard - Moderaterne<\/h3><p class=\"elementor-image-box-description\">Lars Aagard, Klima Energi og Forsyningsminister i den siddende regering. Blev hentet ind til ministeriet fra en stilling i erhvervsorganisationen Dansk Energi. Lars Aagard er f\u00f8dt og opvokset p\u00e5 Fyn og stiller op til Folketinget for f\u00f8rste gang. <\/p><\/div><\/div>\t\t\t\t<\/div>\n\t\t\t\t<\/div>\n\t\t\t\t<div class=\"elementor-element elementor-element-cf5a01c elementor-position-left elementor-vertical-align-top elementor-widget elementor-widget-image-box\" data-id=\"cf5a01c\" data-element_type=\"widget\" data-e-type=\"widget\" data-widget_type=\"image-box.default\">\n\t\t\t\t\t<div class=\"elementor-image-box-wrapper\"><figure class=\"elementor-image-box-img\"><img loading=\"lazy\" decoding=\"async\" width=\"300\" height=\"225\" src=\"https:\/\/xn--klimabevgelsenodense-p0b.dk\/wp-content\/uploads\/2026\/03\/Sofie-Mosgaard-300x225.webp\" class=\"attachment-medium size-medium wp-image-1234\" alt=\"\" srcset=\"https:\/\/xn--klimabevgelsenodense-p0b.dk\/wp-content\/uploads\/2026\/03\/Sofie-Mosgaard-300x225.webp 300w, https:\/\/xn--klimabevgelsenodense-p0b.dk\/wp-content\/uploads\/2026\/03\/Sofie-Mosgaard.webp 570w\" sizes=\"(max-width: 300px) 100vw, 300px\" \/><\/figure><div class=\"elementor-image-box-content\"><h3 class=\"elementor-image-box-title\">Sofie Mosgaard - Venstre<\/h3><p class=\"elementor-image-box-description\">Vi skal passe langt bedre p\u00e5 kloden, p\u00e5 pengene, og p\u00e5 hinanden. Danmark er et helt fantastisk land, fyldt med muligheder for h\u00f8j som lav, og s\u00e5 g\u00e5r vi forrest p\u00e5 verdens vigtigste dagsordener. Vi st\u00e5r fast p\u00e5 st\u00f8tten til Ukraine, og vi er frontl\u00f8bere i klimakampen. Det skal vi blive ved med, og vi kan blive meget bedre. \n\n\n\n\n<\/p><\/div><\/div>\t\t\t\t<\/div>\n\t\t\t\t\t<\/div>\n\t\t\t\t<\/div>\n\t\t<div class=\"elementor-element elementor-element-7721d2c e-flex e-con-boxed wpr-particle-no wpr-jarallax-no wpr-parallax-no wpr-sticky-section-no wpr-equal-height-no e-con e-parent\" data-id=\"7721d2c\" data-element_type=\"container\" data-e-type=\"container\">\n\t\t\t\t\t<div class=\"e-con-inner\">\n\t\t<div class=\"elementor-element elementor-element-2bf647d e-con-full e-flex wpr-particle-no wpr-jarallax-no wpr-parallax-no wpr-sticky-section-no wpr-equal-height-no e-con e-child\" data-id=\"2bf647d\" data-element_type=\"container\" data-e-type=\"container\">\n\t\t\t\t<div class=\"elementor-element elementor-element-e599a1c elementor-position-left elementor-vertical-align-top elementor-widget elementor-widget-image-box\" data-id=\"e599a1c\" data-element_type=\"widget\" data-e-type=\"widget\" data-widget_type=\"image-box.default\">\n\t\t\t\t\t<div class=\"elementor-image-box-wrapper\"><figure class=\"elementor-image-box-img\"><a href=\"https:\/\/www.klimabevaegelsen.dk\/2026\" tabindex=\"-1\"><img loading=\"lazy\" decoding=\"async\" width=\"1240\" height=\"1748\" src=\"https:\/\/xn--klimabevgelsenodense-p0b.dk\/wp-content\/uploads\/2026\/03\/ValgmaterialerFTV2026.webp\" class=\"attachment-full size-full wp-image-1172\" alt=\"\" srcset=\"https:\/\/xn--klimabevgelsenodense-p0b.dk\/wp-content\/uploads\/2026\/03\/ValgmaterialerFTV2026.webp 1240w, https:\/\/xn--klimabevgelsenodense-p0b.dk\/wp-content\/uploads\/2026\/03\/ValgmaterialerFTV2026-213x300.webp 213w, https:\/\/xn--klimabevgelsenodense-p0b.dk\/wp-content\/uploads\/2026\/03\/ValgmaterialerFTV2026-726x1024.webp 726w, https:\/\/xn--klimabevgelsenodense-p0b.dk\/wp-content\/uploads\/2026\/03\/ValgmaterialerFTV2026-768x1083.webp 768w, https:\/\/xn--klimabevgelsenodense-p0b.dk\/wp-content\/uploads\/2026\/03\/ValgmaterialerFTV2026-1090x1536.webp 1090w\" sizes=\"(max-width: 1240px) 100vw, 1240px\" \/><\/a><\/figure><div class=\"elementor-image-box-content\"><h3 class=\"elementor-image-box-title\"><a href=\"https:\/\/www.klimabevaegelsen.dk\/2026\">FV26 er ogs\u00e5 et klimavalg!<\/a><\/h3><p class=\"elementor-image-box-description\">Selvom formueskat, flygtninge, sikkerhedspolitik og det rene drikkevand stj\u00e6ler overskrifterne s\u00e5 l\u00f8ber klimaet ingen steder.\n\n41% procent af v\u00e6lgerne har  klimaet og den gr\u00f8nne dagsorden som en afg\u00f8rende faktor n\u00e5r de skal afg\u00f8re hvor krydset skal s\u00e6ttes den 24. marts.\n\nKlimabev\u00e6gelsen har samlet argumenterne for at klimastemme p\u00e5 klimavalg.nu (klik p\u00e5 plakaten til venstre) med en oversigt over hvordan partierne har stemt n\u00e5r forslag st\u00f8ttet af Klimabev\u00e6gelsen har v\u00e6ret i folketingssalen.\n<\/p><\/div><\/div>\t\t\t\t<\/div>\n\t\t\t\t<\/div>\n\t\t\t\t\t<\/div>\n\t\t\t\t<\/div>\n\t\t<div class=\"elementor-element elementor-element-edb279e e-flex e-con-boxed wpr-particle-no wpr-jarallax-no wpr-parallax-no wpr-sticky-section-no wpr-equal-height-no e-con e-parent\" data-id=\"edb279e\" data-element_type=\"container\" data-e-type=\"container\">\n\t\t\t\t\t<div class=\"e-con-inner\">\n\t\t\t\t\t<\/div>\n\t\t\t\t<\/div>\n\t\t\t\t<\/div>\n\t\t","protected":false},"excerpt":{"rendered":"<p>Folketingsvalg 2026 GR\u00d8NT V\u00c6LGERM\u00d8DE P\u00c5 BORGERNES HUS L\u00d8RDAG D. 21. MARTS 2026 Torsten Ringgaard Enhedslisten Folketingskandidat Fyns Storkreds Anne Fiber De Konservative Byr\u00e5dsmedlem i Kerteminde Kommune Opstillet i Fyns Storkreds Jakob Larsen Radikale FolketingskandidatFyns Storkreds Sofie Mosgaard Venstre Byr\u00e5dsmedlem Folketingskandidat Fyns Storkreds Lars Aagaard Moderaterne Klima- Energi- og Forsyningsminister\u00a0 Opstillet i Fyns Storkreds Linda Fr\u00f8lund Hansen Alternativet Spidskandidat til FV26 for Storkreds Fyn Allan Holm Nielsen Borgernes Parti Folketingskandidat Fyns Storkreds Suzette Frovin Socialistisk Folkeparti Folketingskandidat Byr\u00e5dsmedlem i Nyborg Thomas Skriver Jensen Socialdemokratiet MF Fyns Storkreds Bum ! S\u00e5 var der udskrevet valg&#8230;.Og Bum ! s\u00e5 var valget overst\u00e5et.\u00a0 Som en ny gruppe havde vi ingen masterplan. Men vi ville blande os det vi ku\u00b4. Vi har stadig ting at l\u00e6re og meget at bygge op, men er motiverede efter en marts hvor det f\u00f8rst lykkedes at finde et \u00f8velokale til koret KlimaStemmer som gav de f\u00f8rste strofer til Planetparaden. Og s\u00e5 flaskede tingene sig til at f\u00e5 et vellykket gr\u00f8nt v\u00e6lgerm\u00f8de arrangeret p\u00e5 11 dage.\u00a0 Snart bliver v\u00e6lgerm\u00f8det til en podcast p\u00e5 https:\/\/klimatv.dk\/podcasts\/ Sofie powerpoint1 Slideaside Slide omstilling Ringgaard skarp Mosgaard Ringgaard Lytter flyvninger Linda Jakob Larsen 2 Griseslide FrovinProfil Frovin Mosgaard Flyvninger Load More End of Content. Linda Fr\u00f8lund Hansen &#8211; Alternativet Spidskandidat til FV26 for Storkreds Fyn. Skoleskovskoordinator med l\u00e6rerbaggrund. Er fra en sl\u00e6gtsg\u00e5rd ved Herning. Bor i Strib. &#8220;Klimaforandringerne, biodiversitetskrisen, samt b\u00f8rn og unge har motiveret mig til at tr\u00e6de ind i politik.&#8221; Allan Holm Nielsen &#8211; Borgernes Parti Igennem mere end 20 \u00e5rs erhvervserfaring har jeg oplevet, hvordan virksomheder og virkelyst kv\u00e6les i regler og regulativer. Regler og regulativer, der ikke alene \u00e6ndres hele tiden, men som bliver strammere og strammere, imens de bliver mere og mere uigennemskuelige. Det truer vores velf\u00e6rdssamfund, fordi det udhuler virksomhedernes konkurrenceevne og dermed deres indtjening. Jeg har derfor i over 10 \u00e5r fors\u00f8gt at r\u00e5be politikerne p\u00e5 Christiansborg op \u2013 dels igennem l\u00e6serbreve og personlig kontakt, og dels igennem min T\u00e6nketank Growz. Jacob Larsen &#8211; Radikale B Jeg vil v\u00e6re brobygger mellem Gr\u00f8nland og Danmark i en tid hvor b\u00e5de eksterne og interne kr\u00e6fter pr\u00f8ver at skille rigsf\u00e6llesskabet ad. Gr\u00f8nland og Danmark er meget mere end interesser og ideologier. Gr\u00f8nland og Danmark er forbundne p\u00e5 alt det som ligger som ligger dybt i blodet hos de fleste af os. Man kan vel kalde det for blodets b\u00e5nd. Rigsf\u00e6llesskabet kr\u00e6ver respekt ikke pres og populisme. Rigsf\u00e6llesskabet er et ansvar, ikke et skakspil for stormagter omkring os. Ikke kun Gr\u00f8nland og Danmark er udsat. Hejser vi os op i helikopteren er presset p\u00e5 vores demokratiske samfundsmodel voldsom. Fundamentale internationale rettigheder udfordres fra mange sider. Minoriteter klemmes af radikaliserede m\u00f8rke kr\u00e6fter mange steder i verden og krig og ufred underminerer en verdensorden, hvor de fleste bare gerne vil have ro og forudsigelighed. Suzette Frovin &#8211; Socialistisk Folkeparti Suzette Frovin er byr\u00e5dsmedlem i Nyborg Kommune. Stiller op tilFolketingsvalget. &#8220;Det Sydfynske \u00d8hav er et af de smukkeste steder i Danmark; men der er ikke meget ved glansbilleder n\u00e5r havbunden er stend\u00f8d\u00f8d. Vi skal have fiskene og naturen tilbage hele vejen rundt om Fyn. &#8221; , &#8221; Et b\u00e6redygtigt valg er et b\u00f8rnevenligt valg&#8230;.Enkelt !!&#8221; Torsten Ringgaard &#8211; Enhedslisten Socialt indigneret lokomotivf\u00f8rer, der \u00f8nsker, at vi kommer p\u00e5 sporet mod socialismen. Danmark er i en brydningstid, en brydningstid, hvor racister som Paludan og Vermund bliver h\u00f8rt, men samtidigt en tid hvor vi ser en opblomstring af organisationer, der k\u00e6mper for de svage, eksempelvis N\u00e6stehj\u00e6lperne og Almen Modstand. Vi skal gribe momentum og f\u00e5 hjulpet Danmark i vores retning, en retning hvor man f\u00e5r hj\u00e6lp som arbejdsl\u00f8s i stedet for stress og mindrev\u00e6rd \u2013 et Danmark hvor naturen f\u00e5r sin plads, og hvor pesticider kun har plads i historieundervisningen Anne Fiber &#8211; De Konservative Folketingskandidat, Fyns Storkreds, Byr\u00e5dsmedlem, Kerteminde Kommune. &#8221; Drikkevandet under vores f\u00f8dder &#8211; er vores vigtigste naturressource.\u2026&#8221; &#8221; Vi skal s\u00f8rge for de n\u00f8dvendige faciliteter s\u00e5 landsbyer og sm\u00e5byer ikke affolkes&#8221; Thomas Skriver Jensen &#8211; Socialdemokratiet Industritekniker og fagforeningsmand. Egentlig biografi skal I lede andre steder efter. Hans Facebook har opslag om Sportshaller, St\u00f8jv\u00e6rn ved motorveje, flere p\u00e6dagoger, f\u00f8devarecheck til l\u00e6rlinge, ingen stigning i pensionsalderen m.m. Lars Aagaard &#8211; Moderaterne Lars Aagard, Klima Energi og Forsyningsminister i den siddende regering. Blev hentet ind til ministeriet fra en stilling i erhvervsorganisationen Dansk Energi. Lars Aagard er f\u00f8dt og opvokset p\u00e5 Fyn og stiller op til Folketinget for f\u00f8rste gang. Sofie Mosgaard &#8211; Venstre Vi skal passe langt bedre p\u00e5 kloden, p\u00e5 pengene, og p\u00e5 hinanden. Danmark er et helt fantastisk land, fyldt med muligheder for h\u00f8j som lav, og s\u00e5 g\u00e5r vi forrest p\u00e5 verdens vigtigste dagsordener. Vi st\u00e5r fast p\u00e5 st\u00f8tten til Ukraine, og vi er frontl\u00f8bere i klimakampen. Det skal vi blive ved med, og vi kan blive meget bedre. FV26 er ogs\u00e5 et klimavalg! Selvom formueskat, flygtninge, sikkerhedspolitik og det rene drikkevand stj\u00e6ler overskrifterne s\u00e5 l\u00f8ber klimaet ingen steder. 41% procent af v\u00e6lgerne har klimaet og den gr\u00f8nne dagsorden som en afg\u00f8rende faktor n\u00e5r de skal afg\u00f8re hvor krydset skal s\u00e6ttes den 24. marts. Klimabev\u00e6gelsen har samlet argumenterne for at klimastemme p\u00e5 klimavalg.nu (klik p\u00e5 plakaten til venstre) med en oversigt over hvordan partierne har stemt n\u00e5r forslag st\u00f8ttet af Klimabev\u00e6gelsen har v\u00e6ret i folketingssalen.<\/p>\n","protected":false},"author":2,"featured_media":0,"parent":0,"menu_order":0,"comment_status":"closed","ping_status":"closed","template":"","meta":{"_bbp_topic_count":0,"_bbp_reply_count":0,"_bbp_total_topic_count":0,"_bbp_total_reply_count":0,"_bbp_voice_count":0,"_bbp_anonymous_reply_count":0,"_bbp_topic_count_hidden":0,"_bbp_reply_count_hidden":0,"_bbp_forum_subforum_count":0,"_price":"","_stock":"","_tribe_ticket_header":"","_tribe_default_ticket_provider":"","_tribe_ticket_capacity":"0","_ticket_start_date":"","_ticket_end_date":"","_tribe_ticket_show_description":"","_tribe_ticket_show_not_going":false,"_tribe_ticket_use_global_stock":"","_tribe_ticket_global_stock_level":"","_global_stock_mode":"","_global_stock_cap":"","_tribe_rsvp_for_event":"","_tribe_ticket_going_count":"","_tribe_ticket_not_going_count":"","_tribe_tickets_list":"[]","_tribe_ticket_has_attendee_info_fields":false,"_kad_post_transparent":"","_kad_post_title":"hide","_kad_post_layout":"fullwidth","_kad_post_sidebar_id":"","_kad_post_content_style":"unboxed","_kad_post_vertical_padding":"hide","_kad_post_feature":"hide","_kad_post_feature_position":"","_kad_post_header":false,"_kad_post_footer":false,"_kad_post_classname":"","footnotes":"","_tec_slr_enabled":"","_tec_slr_layout":""},"class_list":["post-1134","page","type-page","status-publish","hentry"],"ticketed":false,"_links":{"self":[{"href":"https:\/\/xn--klimabevgelsenodense-p0b.dk\/index.php\/wp-json\/wp\/v2\/pages\/1134","targetHints":{"allow":["GET"]}}],"collection":[{"href":"https:\/\/xn--klimabevgelsenodense-p0b.dk\/index.php\/wp-json\/wp\/v2\/pages"}],"about":[{"href":"https:\/\/xn--klimabevgelsenodense-p0b.dk\/index.php\/wp-json\/wp\/v2\/types\/page"}],"author":[{"embeddable":true,"href":"https:\/\/xn--klimabevgelsenodense-p0b.dk\/index.php\/wp-json\/wp\/v2\/users\/2"}],"replies":[{"embeddable":true,"href":"https:\/\/xn--klimabevgelsenodense-p0b.dk\/index.php\/wp-json\/wp\/v2\/comments?post=1134"}],"version-history":[{"count":61,"href":"https:\/\/xn--klimabevgelsenodense-p0b.dk\/index.php\/wp-json\/wp\/v2\/pages\/1134\/revisions"}],"predecessor-version":[{"id":1484,"href":"https:\/\/xn--klimabevgelsenodense-p0b.dk\/index.php\/wp-json\/wp\/v2\/pages\/1134\/revisions\/1484"}],"wp:attachment":[{"href":"https:\/\/xn--klimabevgelsenodense-p0b.dk\/index.php\/wp-json\/wp\/v2\/media?parent=1134"}],"curies":[{"name":"wp","href":"https:\/\/api.w.org\/{rel}","templated":true}]}}